{"id":13941,"date":"2016-01-17T20:30:54","date_gmt":"2016-01-17T19:30:54","guid":{"rendered":"http:\/\/www.fatra.cz\/de\/produkty\/hracky-a-dalsi-svarovane-vyrobky\/"},"modified":"2025-10-27T08:09:04","modified_gmt":"2025-10-27T07:09:04","slug":"spielzeuge-und-andere-geschweisste-produkte","status":"publish","type":"product","link":"https:\/\/www.fatra.cz\/de\/produkte\/spielzeuge-und-andere-geschweisste-produkte\/","title":{"rendered":"Spielzeuge und andere geschwei\u00dfte Produkte"},"content":{"rendered":"\n<div class=\"wp-block-group\"><div class=\"wp-block-group__inner-container is-layout-flow wp-block-group-is-layout-flow\">\n<h4 class=\"wp-block-cgb-block-ftr-product-heading product-block-title\">OFFIZIELLE WEBSEITE<\/h4>\n<\/div><\/div>\n\n\n<p>N\u00e4here auskunft finden Sie aufder offizielle Webseite: <a href=\"https:\/\/www.folie-pvc.cz\/en\/\"><strong>www.folie-pvc.cz\/en<\/strong><\/a><\/p>\n\n\n<hr class=\"wp-block-cgb-block-ftr-product-section-line ftr-product-block-separator\"\/>\n\n\n\n<h4 class=\"wp-block-cgb-block-ftr-product-heading product-block-title\">Fotogallerie<\/h4>\n\n\n<div class=\"row gallery\">\n<div id='gallery-1' class='gallery galleryid-13941 gallery-columns-3 gallery-size-large'><figure class='gallery-item'>\n\t\t\t<div class='gallery-icon landscape'>\n\t\t\t\t<a href='https:\/\/www.fatra.cz\/de\/img_4671-2-2\/'><img decoding=\"async\" width=\"800\" height=\"600\" data-src=\"https:\/\/www.fatra.cz\/wp-content\/uploads\/2015\/11\/IMG_4671.jpg\" class=\"attachment-large size-large lazyload\" alt=\"Aufblasbares Spielzeug, Elefant\" aria-describedby=\"gallery-1-13338\" data-srcset=\"https:\/\/www.fatra.cz\/wp-content\/uploads\/2015\/11\/IMG_4671.jpg 800w, https:\/\/www.fatra.cz\/wp-content\/uploads\/2015\/11\/IMG_4671-300x225.jpg 300w, https:\/\/www.fatra.cz\/wp-content\/uploads\/2015\/11\/IMG_4671-768x576.jpg 768w, https:\/\/www.fatra.cz\/wp-content\/uploads\/2015\/11\/IMG_4671-733x550.jpg 733w\" data-sizes=\"(max-width: 800px) 100vw, 800px\" src=\"data:image\/svg+xml;base64,PHN2ZyB3aWR0aD0iMSIgaGVpZ2h0PSIxIiB4bWxucz0iaHR0cDovL3d3dy53My5vcmcvMjAwMC9zdmciPjwvc3ZnPg==\" style=\"--smush-placeholder-width: 800px; --smush-placeholder-aspect-ratio: 800\/600;\" \/><\/a>\n\t\t\t<\/div>\n\t\t\t\t<figcaption class='wp-caption-text gallery-caption' id='gallery-1-13338'>\n\t\t\t\tAufblasbares Spielzeug, Elefant\n\t\t\t\t<\/figcaption><\/figure><figure class='gallery-item'>\n\t\t\t<div class='gallery-icon landscape'>\n\t\t\t\t<a href='https:\/\/www.fatra.cz\/de\/img_8281-2-2\/'><img decoding=\"async\" width=\"800\" height=\"600\" data-src=\"https:\/\/www.fatra.cz\/wp-content\/uploads\/2015\/11\/IMG_8281.jpg\" class=\"attachment-large size-large lazyload\" alt=\"Aufblasbares Spielzeug, Kanu\" aria-describedby=\"gallery-1-13320\" data-srcset=\"https:\/\/www.fatra.cz\/wp-content\/uploads\/2015\/11\/IMG_8281.jpg 800w, https:\/\/www.fatra.cz\/wp-content\/uploads\/2015\/11\/IMG_8281-300x225.jpg 300w, https:\/\/www.fatra.cz\/wp-content\/uploads\/2015\/11\/IMG_8281-768x576.jpg 768w, https:\/\/www.fatra.cz\/wp-content\/uploads\/2015\/11\/IMG_8281-733x550.jpg 733w\" data-sizes=\"(max-width: 800px) 100vw, 800px\" src=\"data:image\/svg+xml;base64,PHN2ZyB3aWR0aD0iMSIgaGVpZ2h0PSIxIiB4bWxucz0iaHR0cDovL3d3dy53My5vcmcvMjAwMC9zdmciPjwvc3ZnPg==\" style=\"--smush-placeholder-width: 800px; --smush-placeholder-aspect-ratio: 800\/600;\" \/><\/a>\n\t\t\t<\/div>\n\t\t\t\t<figcaption class='wp-caption-text gallery-caption' id='gallery-1-13320'>\n\t\t\t\tAufblasbares Spielzeug, Kanu\n\t\t\t\t<\/figcaption><\/figure><figure class='gallery-item'>\n\t\t\t<div class='gallery-icon landscape'>\n\t\t\t\t<a href='https:\/\/www.fatra.cz\/de\/bulik_bily_0-2-2-2\/'><img decoding=\"async\" width=\"800\" height=\"600\" data-src=\"https:\/\/www.fatra.cz\/wp-content\/uploads\/2015\/11\/Bulik_bily_0.jpg\" class=\"attachment-large size-large lazyload\" alt=\"Aufblasbares Spielzeug, wei\u00df Bulik\" aria-describedby=\"gallery-1-13322\" data-srcset=\"https:\/\/www.fatra.cz\/wp-content\/uploads\/2015\/11\/Bulik_bily_0.jpg 800w, https:\/\/www.fatra.cz\/wp-content\/uploads\/2015\/11\/Bulik_bily_0-300x225.jpg 300w, https:\/\/www.fatra.cz\/wp-content\/uploads\/2015\/11\/Bulik_bily_0-768x576.jpg 768w, https:\/\/www.fatra.cz\/wp-content\/uploads\/2015\/11\/Bulik_bily_0-733x550.jpg 733w\" data-sizes=\"(max-width: 800px) 100vw, 800px\" src=\"data:image\/svg+xml;base64,PHN2ZyB3aWR0aD0iMSIgaGVpZ2h0PSIxIiB4bWxucz0iaHR0cDovL3d3dy53My5vcmcvMjAwMC9zdmciPjwvc3ZnPg==\" style=\"--smush-placeholder-width: 800px; --smush-placeholder-aspect-ratio: 800\/600;\" \/><\/a>\n\t\t\t<\/div>\n\t\t\t\t<figcaption class='wp-caption-text gallery-caption' id='gallery-1-13322'>\n\t\t\t\tAufblasbares Spielzeug, wei\u00df Bulik\n\t\t\t\t<\/figcaption><\/figure><figure class='gallery-item'>\n\t\t\t<div class='gallery-icon landscape'>\n\t\t\t\t<a href='https:\/\/www.fatra.cz\/de\/limec-modry-2-2\/'><img decoding=\"async\" width=\"800\" height=\"600\" data-src=\"https:\/\/www.fatra.cz\/wp-content\/uploads\/2015\/11\/limec-modry.jpg\" class=\"attachment-large size-large lazyload\" alt=\"Aufblasbaren blauen Kragen\" aria-describedby=\"gallery-1-13318\" data-srcset=\"https:\/\/www.fatra.cz\/wp-content\/uploads\/2015\/11\/limec-modry.jpg 800w, https:\/\/www.fatra.cz\/wp-content\/uploads\/2015\/11\/limec-modry-300x225.jpg 300w, https:\/\/www.fatra.cz\/wp-content\/uploads\/2015\/11\/limec-modry-768x576.jpg 768w, https:\/\/www.fatra.cz\/wp-content\/uploads\/2015\/11\/limec-modry-733x550.jpg 733w\" data-sizes=\"(max-width: 800px) 100vw, 800px\" src=\"data:image\/svg+xml;base64,PHN2ZyB3aWR0aD0iMSIgaGVpZ2h0PSIxIiB4bWxucz0iaHR0cDovL3d3dy53My5vcmcvMjAwMC9zdmciPjwvc3ZnPg==\" style=\"--smush-placeholder-width: 800px; --smush-placeholder-aspect-ratio: 800\/600;\" \/><\/a>\n\t\t\t<\/div>\n\t\t\t\t<figcaption class='wp-caption-text gallery-caption' id='gallery-1-13318'>\n\t\t\t\tAufblasbaren blauen Kragen\n\t\t\t\t<\/figcaption><\/figure><figure class='gallery-item'>\n\t\t\t<div class='gallery-icon landscape'>\n\t\t\t\t<a href='https:\/\/www.fatra.cz\/de\/mic-pepito-2-2\/'><img decoding=\"async\" width=\"800\" height=\"600\" data-src=\"https:\/\/www.fatra.cz\/wp-content\/uploads\/2015\/11\/mic-pepito.jpg\" class=\"attachment-large size-large lazyload\" alt=\"F\u00f6rdernde aufblasbaren Gegenstand Ball - Pepito\" aria-describedby=\"gallery-1-13316\" data-srcset=\"https:\/\/www.fatra.cz\/wp-content\/uploads\/2015\/11\/mic-pepito.jpg 800w, https:\/\/www.fatra.cz\/wp-content\/uploads\/2015\/11\/mic-pepito-300x225.jpg 300w, https:\/\/www.fatra.cz\/wp-content\/uploads\/2015\/11\/mic-pepito-768x576.jpg 768w, https:\/\/www.fatra.cz\/wp-content\/uploads\/2015\/11\/mic-pepito-733x550.jpg 733w\" data-sizes=\"(max-width: 800px) 100vw, 800px\" src=\"data:image\/svg+xml;base64,PHN2ZyB3aWR0aD0iMSIgaGVpZ2h0PSIxIiB4bWxucz0iaHR0cDovL3d3dy53My5vcmcvMjAwMC9zdmciPjwvc3ZnPg==\" style=\"--smush-placeholder-width: 800px; --smush-placeholder-aspect-ratio: 800\/600;\" \/><\/a>\n\t\t\t<\/div>\n\t\t\t\t<figcaption class='wp-caption-text gallery-caption' id='gallery-1-13316'>\n\t\t\t\tF\u00f6rdernde aufblasbaren Gegenstand Ball &#8211; Pepito\n\t\t\t\t<\/figcaption><\/figure>\n\t\t<\/div>\n\n<\/div>\n\n\n<hr class=\"wp-block-cgb-block-ftr-product-section-line ftr-product-block-separator\"\/>\n\n\n\n<h4 class=\"wp-block-cgb-block-ftr-product-heading product-block-title\">Kontakt<\/h4>\n\n\n\n<div class=\"wp-block-columns is-layout-flex wp-container-core-columns-is-layout-9d6595d7 wp-block-columns-is-layout-flex\">\n<div class=\"wp-block-column is-layout-flow wp-block-column-is-layout-flow\">\n<p><span style=\"color: #505060; font-family: Arial, sans-serif; font-size: inherit;\">Wenn Sie n\u00e4here Auskunft \u00fcber<\/span><\/p>\n<p style=\"margin-top: 0cm; background: white;\"><span style=\"font-family: 'Arial',sans-serif; color: #505060;\">den Produkten erhalten m\u00f6chten, <br \/>wenden Sie sich bitte an die <br \/>Gesch\u00e4ftsabteilung der Firma Fatra, a.s.<\/span><\/p>\n<\/div>\n\n\n\n<div class=\"wp-block-column is-layout-flow wp-block-column-is-layout-flow\">\n<p><strong>Martin Posp\u011bch<\/strong><br \/>Tel.: +420&nbsp;577&nbsp;502&nbsp;274<br \/>Mobil: +420&nbsp;724&nbsp;405&nbsp;959<a href=\"mailto:info@fatra.cz\" target=\"_blank\" rel=\"noopener noreferrer\"><br \/><\/a>E-mail:<a href=\"mailto:info@fatra.cz\" target=\"_blank\" rel=\"noopener noreferrer\">\u00a0<\/a><a href=\"mailto:martin.pospech@fatra.cz\">martin.pospech@fatra.cz<\/a><\/p>\n<\/div>\n<\/div>\n\n\n\n<hr class=\"wp-block-cgb-block-ftr-product-section-line ftr-product-block-separator\"\/>\n","protected":false},"excerpt":{"rendered":"<p>Fatra bietet die aus PVC- und PE-Folien geschwei\u00dften Produkte an. Wir produzieren aufblasbare Spielzeuge, aufblasbare Werbegegenst\u00e4nde, aufblasbare Kragen, Hilfsmittel f\u00fcr Rehabilitation, aufblasbare Unterlagen zum Wickeln von Babys, Duschvorh\u00e4nge oder Betteinlagen als Schutz gegen N\u00e4sse, faltbare Regenmantel, Regenmantel f\u00fcr Kinderwagen, Einweghandschuhe aus PE usw. an.<\/p>\n","protected":false},"featured_media":13942,"parent":0,"menu_order":6,"template":"","product_color":[],"product_use":[248,147],"class_list":["post-13941","product","type-product","status-publish","has-post-thumbnail","hentry","product_use-haushalt","product_use-konsumgueterindustrie"],"_links":{"self":[{"href":"https:\/\/www.fatra.cz\/de\/wp-json\/wp\/v2\/product\/13941","targetHints":{"allow":["GET"]}}],"collection":[{"href":"https:\/\/www.fatra.cz\/de\/wp-json\/wp\/v2\/product"}],"about":[{"href":"https:\/\/www.fatra.cz\/de\/wp-json\/wp\/v2\/types\/product"}],"version-history":[{"count":0,"href":"https:\/\/www.fatra.cz\/de\/wp-json\/wp\/v2\/product\/13941\/revisions"}],"wp:featuredmedia":[{"embeddable":true,"href":"https:\/\/www.fatra.cz\/de\/wp-json\/wp\/v2\/media\/13942"}],"wp:attachment":[{"href":"https:\/\/www.fatra.cz\/de\/wp-json\/wp\/v2\/media?parent=13941"}],"wp:term":[{"taxonomy":"product_color","embeddable":true,"href":"https:\/\/www.fatra.cz\/de\/wp-json\/wp\/v2\/product_color?post=13941"},{"taxonomy":"product_use","embeddable":true,"href":"https:\/\/www.fatra.cz\/de\/wp-json\/wp\/v2\/product_use?post=13941"}],"curies":[{"name":"wp","href":"https:\/\/api.w.org\/{rel}","templated":true}]}}